{"id":13883,"date":"2024-02-27T10:00:09","date_gmt":"2024-02-27T15:00:09","guid":{"rendered":"https:\/\/hhalj3qenu-staging.wpdns.site\/locations\/laurentides\/"},"modified":"2026-08-29T15:29:19","modified_gmt":"2026-08-29T19:29:19","slug":"laurentides","status":"publish","type":"rank_math_locations","link":"https:\/\/ameqacademie.ca\/fr\/locations\/laurentides\/","title":{"rendered":"Laurentides"},"content":{"rendered":"\t\t<div data-elementor-type=\"wp-post\" data-elementor-id=\"13883\" class=\"elementor elementor-13883 elementor-3132\" data-elementor-post-type=\"rank_math_locations\">\n\t\t\t\t<div class=\"elementor-element elementor-element-7bf60fc2 e-flex e-con-boxed e-con e-parent\" data-id=\"7bf60fc2\" data-element_type=\"container\" data-e-type=\"container\">\n\t\t\t\t\t<div class=\"e-con-inner\">\n\t\t\t\t<div class=\"elementor-element elementor-element-f43216b2 elementor-widget elementor-widget-text-editor\" data-id=\"f43216b2\" data-element_type=\"widget\" data-e-type=\"widget\" data-widget_type=\"text-editor.default\">\n\t\t\t\t<div class=\"elementor-widget-container\">\n\t\t\t\t\t\t\t\t\t<div class=\"ameq-location-details\"><section class=\"ameq-location-details__lead\" aria-labelledby=\"ameq-location-guide-laurentides\"><span class=\"ameq-location-details__eyebrow\">Guide de formation par r\u00e9gion<\/span><h2 id=\"ameq-location-guide-laurentides\">formation esth\u00e9tique pour les professionnels de Laurentides<\/h2><p><strong>formation esth\u00e9tique pour les professionnels de Laurentides<\/strong> : ce guide aide \u00e0 comparer les parcours de l\u2019AMEQ avant de planifier un d\u00e9placement. Il s\u2019agit d\u2019une page g\u00e9ographique destin\u00e9e aux personnes de Laurentides, et non de l\u2019annonce d\u2019un campus ou d\u2019une adresse commerciale de l\u2019AMEQ dans cette r\u00e9gion.<\/p><p>Les s\u00e9ances en pr\u00e9sentiel ont lieu aux emplacements actuels de l\u2019AMEQ \u00e0 Montr\u00e9al ou \u00e0 Saint-Sauveur, selon le cours et la date. Commencez par le parcours correspondant \u00e0 votre profession r\u00e9glement\u00e9e, puis v\u00e9rifiez les pr\u00e9alables, le niveau, la pratique supervis\u00e9e, les exigences concernant les mod\u00e8les et le lieu indiqu\u00e9 dans la confirmation d\u2019inscription.<\/p><\/section><div class=\"ameq-location-details__grid\"><article class=\"ameq-location-details__card\"><span class=\"ameq-location-details__number\">01<\/span><h3>Service pour Laurentides<\/h3><p>Cette page indique la zone desservie et non un campus local. Comparez les s\u00e9ances confirm\u00e9es \u00e0 <a href=\"\/fr\/locations\/montreal\/\">Montr\u00e9al<\/a> et \u00e0 <a href=\"\/fr\/locations\/saint-sauveur\/\">Saint-Sauveur<\/a>, puis v\u00e9rifiez l\u2019adresse indiqu\u00e9e pour la date choisie.<\/p><\/article><article class=\"ameq-location-details__card\"><span class=\"ameq-location-details__number\">02<\/span><h3>Choisir selon votre profession<\/h3><p>Commencez par la <a href=\"\/fr\/formation-pour-les-medecins\/\">formation pour m\u00e9decins<\/a>, la <a href=\"\/fr\/fr-formation-pour-les-medecins-2\/\">formation pour dentistes<\/a> ou la <a href=\"\/fr\/formation-dinfirmiere-forfait-dun-jour\/\">formation pour infirmi\u00e8res et infirmiers<\/a>. Consultez ensuite le <a href=\"\/fr\/cours\/\">catalogue des cours<\/a> pour comparer la port\u00e9e, les pr\u00e9alables et les formats.<\/p><\/article><article class=\"ameq-location-details__card\"><span class=\"ameq-location-details__number\">03<\/span><h3>Planifier les pr\u00e9sences et la pratique<\/h3><p>L\u2019AMEQ poss\u00e8de un lieu de formation physique \u00e0 Saint-Sauveur, dans les Laurentides. Confirmez que le cours choisi y est bien offert, puisque la disponibilit\u00e9 et le lieu varient selon le cours et la date.<\/p><\/article><article class=\"ameq-location-details__card ameq-location-details__card--added\"><span class=\"ameq-location-details__number\">04<\/span><h3>Comparer le parcours complet<\/h3><p>Examinez la port\u00e9e du cours, les pr\u00e9alables, la th\u00e9orie, les d\u00e9monstrations, la pratique supervis\u00e9e, les responsabilit\u00e9s li\u00e9es aux mod\u00e8les, l\u2019\u00e9valuation et le soutien d\u00e9crit sur la page actuelle du cours. Utilisez l\u2019horaire officiel plut\u00f4t que d\u2019estimer le d\u00e9placement \u00e0 partir d\u2019une dur\u00e9e g\u00e9n\u00e9rale.<\/p><\/article><article class=\"ameq-location-details__card ameq-location-details__card--added\"><span class=\"ameq-location-details__number\">05<\/span><h3>V\u00e9rifier les exigences professionnelles actuelles<\/h3><p>Une formation ne remplace pas les r\u00e8gles qui encadrent votre permis ou votre champ d\u2019exercice. Consultez les renseignements actuels du <a href=\"https:\/\/www.cmq.org\/fr\/actualites\/medecine-esthetique-observations-et-responsabilites\" target=\"_blank\" rel=\"noopener noreferrer\">CMQ<\/a>, de l\u2019<a href=\"https:\/\/www.oiiq.org\/fr\/medecine-esthetique-pour-une-protection-du-public-accrue\" target=\"_blank\" rel=\"noopener noreferrer\">OIIQ<\/a> et de l\u2019<a href=\"https:\/\/www.odq.qc.ca\/dentiste\/pratique-professionnelle\/lignes-directrices-et-guides\/standards-de-pratique\/\" target=\"_blank\" rel=\"noopener noreferrer\">ODQ<\/a>, puis confirmez le cours et les pr\u00e9alables applicables \u00e0 votre profession.<\/p><\/article><\/div><p class=\"ameq-location-details__footer\">Avant de vous inscrire, utilisez la <a href=\"\/fr\/contacter\/\">page de contact de l\u2019AMEQ<\/a> pour confirmer les pr\u00e9alables, les dates, le lieu et toute exigence concernant les mod\u00e8les.<\/p><\/div>\t\t\t\t\t\t\t\t<\/div>\n\t\t\t\t<\/div>\n\t\t\t\t\t<\/div>\n\t\t\t\t<\/div>\n\t\t\t\t<\/div>\n\t\t","protected":false},"excerpt":{"rendered":"<p>Formation esth\u00e9tique pour les professionnels de Laurentides \u00e0 l\u2019AMEQ. Comparez les parcours, les pr\u00e9alables, la pratique et les s\u00e9ances \u00e0 Montr\u00e9al ou Saint-Sauveur.<\/p>\n","protected":false},"author":0,"featured_media":3136,"menu_order":22,"template":"","meta":{"footnotes":""},"rank_math_location_category":[],"class_list":["post-13883","rank_math_locations","type-rank_math_locations","status-publish","has-post-thumbnail","hentry"],"_links":{"self":[{"href":"https:\/\/ameqacademie.ca\/fr\/wp-json\/wp\/v2\/rank-math-locations\/13883","targetHints":{"allow":["GET"]}}],"collection":[{"href":"https:\/\/ameqacademie.ca\/fr\/wp-json\/wp\/v2\/rank-math-locations"}],"about":[{"href":"https:\/\/ameqacademie.ca\/fr\/wp-json\/wp\/v2\/types\/rank_math_locations"}],"version-history":[{"count":14,"href":"https:\/\/ameqacademie.ca\/fr\/wp-json\/wp\/v2\/rank-math-locations\/13883\/revisions"}],"predecessor-version":[{"id":14813,"href":"https:\/\/ameqacademie.ca\/fr\/wp-json\/wp\/v2\/rank-math-locations\/13883\/revisions\/14813"}],"wp:featuredmedia":[{"embeddable":true,"href":"https:\/\/ameqacademie.ca\/fr\/wp-json\/wp\/v2\/media\/3136"}],"wp:attachment":[{"href":"https:\/\/ameqacademie.ca\/fr\/wp-json\/wp\/v2\/media?parent=13883"}],"wp:term":[{"taxonomy":"rank_math_location_category","embeddable":true,"href":"https:\/\/ameqacademie.ca\/fr\/wp-json\/wp\/v2\/rank_math_location_category?post=13883"}],"curies":[{"name":"wp","href":"https:\/\/api.w.org\/{rel}","templated":true}]}}