{"id":11238,"date":"2026-05-06T16:49:55","date_gmt":"2026-05-06T20:49:55","guid":{"rendered":"https:\/\/hhalj3qenu-staging.wpdns.site\/plan-du-site-de-lacademie-ameq\/"},"modified":"2026-05-12T09:17:04","modified_gmt":"2026-05-12T13:17:04","slug":"plan-du-site-de-lacademie-ameq","status":"publish","type":"page","link":"https:\/\/ameqacademie.ca\/fr\/plan-du-site-de-lacademie-ameq\/","title":{"rendered":"Plan du site de l&rsquo;Acad\u00e9mie AMEQ"},"content":{"rendered":"\t\t<div data-elementor-type=\"masteriyo-course-archive-page\" data-elementor-id=\"11238\" class=\"elementor elementor-11238 elementor-11223\" data-elementor-post-type=\"page\">\n\t\t\t\t<div class=\"elementor-element elementor-element-d9c7f6b e-con-full e-flex e-con e-parent\" data-id=\"d9c7f6b\" data-element_type=\"container\" data-e-type=\"container\" data-settings=\"{&quot;background_background&quot;:&quot;classic&quot;}\">\n\t\t<div class=\"elementor-element elementor-element-ee79ec3 e-con-full e-flex e-con e-child\" data-id=\"ee79ec3\" data-element_type=\"container\" data-e-type=\"container\">\n\t\t<div class=\"elementor-element elementor-element-f41ed3c e-con-full e-flex e-con e-child\" data-id=\"f41ed3c\" data-element_type=\"container\" data-e-type=\"container\">\n\t\t\t\t<div class=\"elementor-element elementor-element-e65d26a elementor-widget elementor-widget-heading\" data-id=\"e65d26a\" data-element_type=\"widget\" data-e-type=\"widget\" data-widget_type=\"heading.default\">\n\t\t\t\t<div class=\"elementor-widget-container\">\n\t\t\t\t\t<h2 class=\"elementor-heading-title elementor-size-default\">AMEQ - ACAD\u00c9MIE DE M\u00c9DECINE ESTH\u00c9TIQUE DU QU\u00c9BEC<\/h2>\t\t\t\t<\/div>\n\t\t\t\t<\/div>\n\t\t\t\t<div class=\"elementor-element elementor-element-116c4e1 elementor-widget elementor-widget-heading\" data-id=\"116c4e1\" data-element_type=\"widget\" data-e-type=\"widget\" data-widget_type=\"heading.default\">\n\t\t\t\t<div class=\"elementor-widget-container\">\n\t\t\t\t\t<h1 class=\"elementor-heading-title elementor-size-default\">Plan du site<\/h1>\t\t\t\t<\/div>\n\t\t\t\t<\/div>\n\t\t<div class=\"elementor-element elementor-element-7959b2f e-con-full e-flex e-con e-child\" data-id=\"7959b2f\" data-element_type=\"container\" data-e-type=\"container\">\n\t\t\t\t<div class=\"elementor-element elementor-element-39cac59 elementor-widget elementor-widget-button\" data-id=\"39cac59\" data-element_type=\"widget\" data-e-type=\"widget\" data-widget_type=\"button.default\">\n\t\t\t\t<div class=\"elementor-widget-container\">\n\t\t\t\t\t\t\t\t\t<div class=\"elementor-button-wrapper\">\n\t\t\t\t\t<a class=\"elementor-button elementor-button-link elementor-size-sm\" href=\"https:\/\/ameqacademie.ca\/fr\/contacter\/\">\n\t\t\t\t\t\t<span class=\"elementor-button-content-wrapper\">\n\t\t\t\t\t\t<span class=\"elementor-button-icon\">\n\t\t\t\t<i aria-hidden=\"true\" class=\"jki jki-minus-light\"><\/i>\t\t\t<\/span>\n\t\t\t\t\t\t\t\t\t<span class=\"elementor-button-text\">NOUS CONTACTER<\/span>\n\t\t\t\t\t<\/span>\n\t\t\t\t\t<\/a>\n\t\t\t\t<\/div>\n\t\t\t\t\t\t\t\t<\/div>\n\t\t\t\t<\/div>\n\t\t\t\t<\/div>\n\t\t\t\t<div class=\"elementor-element elementor-element-407ed4b elementor-widget elementor-widget-spacer\" data-id=\"407ed4b\" data-element_type=\"widget\" data-e-type=\"widget\" data-widget_type=\"spacer.default\">\n\t\t\t\t<div class=\"elementor-widget-container\">\n\t\t\t\t\t\t\t<div class=\"elementor-spacer\">\n\t\t\t<div class=\"elementor-spacer-inner\"><\/div>\n\t\t<\/div>\n\t\t\t\t\t\t<\/div>\n\t\t\t\t<\/div>\n\t\t\t\t<div class=\"elementor-element elementor-element-b4eed7c elementor-icon-list--layout-inline elementor-align-start elementor-mobile-align-center elementor-list-item-link-full_width elementor-widget elementor-widget-icon-list\" data-id=\"b4eed7c\" data-element_type=\"widget\" data-e-type=\"widget\" data-widget_type=\"icon-list.default\">\n\t\t\t\t<div class=\"elementor-widget-container\">\n\t\t\t\t\t\t\t<ul class=\"elementor-icon-list-items elementor-inline-items\">\n\t\t\t\t\t\t\t<li class=\"elementor-icon-list-item elementor-inline-item\">\n\t\t\t\t\t\t\t\t\t\t<span class=\"elementor-icon-list-text\">Accueil<\/span>\n\t\t\t\t\t\t\t\t\t<\/li>\n\t\t\t\t\t\t\t\t<li class=\"elementor-icon-list-item elementor-inline-item\">\n\t\t\t\t\t\t\t\t\t\t\t<span class=\"elementor-icon-list-icon\">\n\t\t\t\t\t\t\t<i aria-hidden=\"true\" class=\"jki jki-minus-light\"><\/i>\t\t\t\t\t\t<\/span>\n\t\t\t\t\t\t\t\t\t\t<span class=\"elementor-icon-list-text\">Plan du site<\/span>\n\t\t\t\t\t\t\t\t\t<\/li>\n\t\t\t\t\t\t<\/ul>\n\t\t\t\t\t\t<\/div>\n\t\t\t\t<\/div>\n\t\t\t\t<\/div>\n\t\t\t\t<\/div>\n\t\t<div class=\"elementor-element elementor-element-94755c2 e-con-full e-flex e-con e-child\" data-id=\"94755c2\" data-element_type=\"container\" data-e-type=\"container\" data-settings=\"{&quot;background_background&quot;:&quot;classic&quot;}\">\n\t\t\t\t<div class=\"elementor-element elementor-element-e688672 elementor-view-stacked elementor-shape-circle elementor-widget elementor-widget-icon\" data-id=\"e688672\" data-element_type=\"widget\" data-e-type=\"widget\" data-widget_type=\"icon.default\">\n\t\t\t\t<div class=\"elementor-widget-container\">\n\t\t\t\t\t\t\t<div class=\"elementor-icon-wrapper\">\n\t\t\t<div class=\"elementor-icon\">\n\t\t\t<i aria-hidden=\"true\" class=\"jki jki-pen-light\"><\/i>\t\t\t<\/div>\n\t\t<\/div>\n\t\t\t\t\t\t<\/div>\n\t\t\t\t<\/div>\n\t\t\t\t<div class=\"elementor-element elementor-element-e6f0a2c elementor-widget elementor-widget-heading\" data-id=\"e6f0a2c\" data-element_type=\"widget\" data-e-type=\"widget\" data-widget_type=\"heading.default\">\n\t\t\t\t<div class=\"elementor-widget-container\">\n\t\t\t\t\t<h5 class=\"elementor-heading-title elementor-size-default\">Pour les professionnels de la sant\u00e9 en esth\u00e9tique m\u00e9dicale<\/h5>\t\t\t\t<\/div>\n\t\t\t\t<\/div>\n\t\t\t\t<div class=\"elementor-element elementor-element-8f2ea51 elementor-widget elementor-widget-heading\" data-id=\"8f2ea51\" data-element_type=\"widget\" data-e-type=\"widget\" data-widget_type=\"heading.default\">\n\t\t\t\t<div class=\"elementor-widget-container\">\n\t\t\t\t\t<h3 class=\"elementor-heading-title elementor-size-default\">D\u00e9veloppez votre carri\u00e8re en esth\u00e9tique m\u00e9dicale gr\u00e2ce \u00e0 notre formation en esth\u00e9tique <\/h3>\t\t\t\t<\/div>\n\t\t\t\t<\/div>\n\t\t\t\t<div class=\"elementor-element elementor-element-462cabc elementor-widget-divider--view-line_icon elementor-view-default elementor-widget-divider--element-align-center elementor-widget elementor-widget-divider\" data-id=\"462cabc\" data-element_type=\"widget\" data-e-type=\"widget\" data-widget_type=\"divider.default\">\n\t\t\t\t<div class=\"elementor-widget-container\">\n\t\t\t\t\t\t\t<div class=\"elementor-divider\">\n\t\t\t<span class=\"elementor-divider-separator\">\n\t\t\t\t\t\t\t<div class=\"elementor-icon elementor-divider__element\">\n\t\t\t\t\t<i aria-hidden=\"true\" class=\"jki jki-down-arrow-light\"><\/i><\/div>\n\t\t\t\t\t\t<\/span>\n\t\t<\/div>\n\t\t\t\t\t\t<\/div>\n\t\t\t\t<\/div>\n\t\t\t\t<div class=\"elementor-element elementor-element-1e58b24 elementor-button-align-center elementor-widget elementor-widget-form\" data-id=\"1e58b24\" data-element_type=\"widget\" data-e-type=\"widget\" data-settings=\"{&quot;step_next_label&quot;:&quot;Suivant&quot;,&quot;step_previous_label&quot;:&quot;Pr\\u00e9c\\u00e9dent&quot;,&quot;step_type&quot;:&quot;number_text&quot;,&quot;step_icon_shape&quot;:&quot;circle&quot;}\" data-widget_type=\"form.default\">\n\t\t\t\t<div class=\"elementor-widget-container\">\n\t\t\t\t\t\t\t<form class=\"elementor-form\" method=\"post\" name=\"Infirmi\u00e8re - Inscription de deux jours\" aria-label=\"Infirmi\u00e8re - Inscription de deux jours\">\n\t\t\t<input type=\"hidden\" name=\"post_id\" value=\"11238\"\/>\n\t\t\t<input type=\"hidden\" name=\"form_id\" value=\"1e58b24\"\/>\n\t\t\t<input type=\"hidden\" name=\"referer_title\" value=\"Plan Du Site De L&#039;Acad\u00e9mie AMEQ - AMEQ Academy Of Aesthetic Medicine In Quebec - Botox And Dermal Fillers Training For Doctors, Dentists, And Nurses\" \/>\n\n\t\t\t\t\t\t\t<input type=\"hidden\" name=\"queried_id\" value=\"11238\"\/>\n\t\t\t\n\t\t\t<div class=\"elementor-form-fields-wrapper elementor-labels-above\">\n\t\t\t\t\t\t\t\t<div class=\"elementor-field-type-recaptcha_v3 elementor-field-group elementor-column elementor-field-group-field_c6f5e78 elementor-col-100 recaptcha_v3-bottomright\">\n\t\t\t\t\t<div class=\"elementor-field\" id=\"form-field-field_c6f5e78\"><div class=\"elementor-g-recaptcha\" data-sitekey=\"6Lc00tAjAAAAAEh7ncoNF6tFnb7HjJkEp1OaSvx_\" data-type=\"v3\" data-action=\"Form\" data-badge=\"bottomright\" data-size=\"invisible\"><\/div><\/div>\t\t\t\t<\/div>\n\t\t\t\t\t\t\t\t<div class=\"elementor-field-type-text elementor-field-group elementor-column elementor-field-group-name elementor-col-100 elementor-field-required elementor-mark-required\">\n\t\t\t\t\t\t\t\t\t\t\t\t<label for=\"form-field-name\" class=\"elementor-field-label\">\n\t\t\t\t\t\t\t\tNom\t\t\t\t\t\t\t<\/label>\n\t\t\t\t\t\t\t\t\t\t\t\t\t\t<input size=\"1\" type=\"text\" name=\"form_fields[name]\" id=\"form-field-name\" class=\"elementor-field elementor-size-sm  elementor-field-textual\" placeholder=\"Votre nom complet\" required=\"required\">\n\t\t\t\t\t\t\t\t\t\t\t<\/div>\n\t\t\t\t\t\t\t\t<div class=\"elementor-field-type-select elementor-field-group elementor-column elementor-field-group-package elementor-col-50 elementor-md-100 elementor-field-required elementor-mark-required\">\n\t\t\t\t\t\t\t\t\t\t\t\t<label for=\"form-field-package\" class=\"elementor-field-label\">\n\t\t\t\t\t\t\t\tPaquets\t\t\t\t\t\t\t<\/label>\n\t\t\t\t\t\t\t\t<div class=\"elementor-field elementor-select-wrapper remove-before \">\n\t\t\t<div class=\"select-caret-down-wrapper\">\n\t\t\t\t<svg aria-hidden=\"true\" class=\"e-font-icon-svg e-eicon-caret-down\" viewBox=\"0 0 571.4 571.4\" xmlns=\"http:\/\/www.w3.org\/2000\/svg\"><path d=\"M571 393Q571 407 561 418L311 668Q300 679 286 679T261 668L11 418Q0 407 0 393T11 368 36 357H536Q550 357 561 368T571 393Z\"><\/path><\/svg>\t\t\t<\/div>\n\t\t\t<select name=\"form_fields[package]\" id=\"form-field-package\" class=\"elementor-field-textual elementor-size-sm\" required=\"required\">\n\t\t\t\t\t\t\t\t\t<option value=\"S\u00e9lectionnez\u2026&lt;br&gt;PRP et microneedling\">S\u00e9lectionnez\u2026&lt;br&gt;PRP et microneedling<\/option>\n\t\t\t\t\t\t\t\t\t<option value=\"Cours esth\u00e9tique de 4 jours pour m\u00e9decins\">Cours esth\u00e9tique de 4 jours pour m\u00e9decins<\/option>\n\t\t\t\t\t\t\t\t\t<option value=\"Cours esth\u00e9tique de 4 jours pour infirmi\u00e8res\">Cours esth\u00e9tique de 4 jours pour infirmi\u00e8res<\/option>\n\t\t\t\t\t\t\t\t\t<option value=\"Cours esth\u00e9tique de 2 jours pour infirmi\u00e8res\">Cours esth\u00e9tique de 2 jours pour infirmi\u00e8res<\/option>\n\t\t\t\t\t\t\t\t\t<option value=\"Formation en esth\u00e9tique pour dentistes\">Formation en esth\u00e9tique pour dentistes<\/option>\n\t\t\t\t\t\t\t\t\t<option value=\"Cours de base en \u00e9chographie\">Cours de base en \u00e9chographie<\/option>\n\t\t\t\t\t\t\t\t\t<option value=\"Cours sur les bio-stimulateurs (Sculptra et Radiesse)\">Cours sur les bio-stimulateurs (Sculptra et Radiesse)<\/option>\n\t\t\t\t\t\t\t<\/select>\n\t\t<\/div>\n\t\t\t\t\t\t<\/div>\n\t\t\t\t\t\t\t\t<div class=\"elementor-field-type-date elementor-field-group elementor-column elementor-field-group-practicaldate elementor-col-50 elementor-md-100 elementor-field-required elementor-mark-required\">\n\t\t\t\t\t\t\t\t\t\t\t\t<label for=\"form-field-practicaldate\" class=\"elementor-field-label\">\n\t\t\t\t\t\t\t\tDate pratique\t\t\t\t\t\t\t<\/label>\n\t\t\t\t\t\t\n\t\t<input type=\"date\" name=\"form_fields[practicaldate]\" id=\"form-field-practicaldate\" class=\"elementor-field elementor-size-sm  elementor-field-textual elementor-date-field\" placeholder=\"Date pratique en personne pr\u00e9f\u00e9r\u00e9e\" required=\"required\" pattern=\"[0-9]{4}-[0-9]{2}-[0-9]{2}\">\n\t\t\t\t\t\t<\/div>\n\t\t\t\t\t\t\t\t<div class=\"elementor-field-type-email elementor-field-group elementor-column elementor-field-group-email elementor-col-50 elementor-md-100 elementor-field-required elementor-mark-required\">\n\t\t\t\t\t\t\t\t\t\t\t\t<label for=\"form-field-email\" class=\"elementor-field-label\">\n\t\t\t\t\t\t\t\tE-mail\t\t\t\t\t\t\t<\/label>\n\t\t\t\t\t\t\t\t\t\t\t\t\t\t<input size=\"1\" type=\"email\" name=\"form_fields[email]\" id=\"form-field-email\" class=\"elementor-field elementor-size-sm  elementor-field-textual\" placeholder=\"Votre e-mail\" required=\"required\">\n\t\t\t\t\t\t\t\t\t\t\t<\/div>\n\t\t\t\t\t\t\t\t<div class=\"elementor-field-type-tel elementor-field-group elementor-column elementor-field-group-Telephone elementor-col-50 elementor-md-100 elementor-field-required elementor-mark-required\">\n\t\t\t\t\t\t\t\t\t\t\t\t<label for=\"form-field-Telephone\" class=\"elementor-field-label\">\n\t\t\t\t\t\t\t\tT\u00e9l\u00e9phone\t\t\t\t\t\t\t<\/label>\n\t\t\t\t\t\t\t\t<input size=\"1\" type=\"tel\" name=\"form_fields[Telephone]\" id=\"form-field-Telephone\" class=\"elementor-field elementor-size-sm  elementor-field-textual\" placeholder=\"Votre t\u00e9l\u00e9phone\" required=\"required\" pattern=\"[0-9()#&amp;+*-=.]+\" title=\"Seuls les caract\u00e8res de num\u00e9ros de t\u00e9l\u00e9phone (#, -, *, etc.) sont accept\u00e9s.\">\n\n\t\t\t\t\t\t<\/div>\n\t\t\t\t\t\t\t\t<div class=\"elementor-field-group elementor-column elementor-field-type-submit elementor-col-100 e-form__buttons\">\n\t\t\t\t\t<button class=\"elementor-button elementor-size-sm\" type=\"submit\">\n\t\t\t\t\t\t<span class=\"elementor-button-content-wrapper\">\n\t\t\t\t\t\t\t\t\t\t\t\t\t\t\t\t\t\t\t\t\t\t<span class=\"elementor-button-text\">Pour vous inscrire ou pour plus d'informations<\/span>\n\t\t\t\t\t\t\t\t\t\t\t\t\t<\/span>\n\t\t\t\t\t<\/button>\n\t\t\t\t<\/div>\n\t\t\t<\/div>\n\t\t<\/form>\n\t\t\t\t\t\t<\/div>\n\t\t\t\t<\/div>\n\t\t\t\t<div class=\"elementor-element elementor-element-b8b7d3f elementor-widget elementor-widget-text-editor\" data-id=\"b8b7d3f\" data-element_type=\"widget\" data-e-type=\"widget\" data-widget_type=\"text-editor.default\">\n\t\t\t\t<div class=\"elementor-widget-container\">\n\t\t\t\t\t\t\t\t\t<p>1. Afin de r\u00e9server votre place dans le programme, un d\u00e9p\u00f4t de 1 000 $ est requis. Ce d\u00e9p\u00f4t vous donne acc\u00e8s aux cours en ligne et devient non remboursable d\u00e8s le d\u00e9but de la formation th\u00e9orique. <\/p><p>2. Le solde restant devra \u00eatre pay\u00e9 trois semaines avant la composante pratique en pr\u00e9sentiel. Veuillez nous contacter pour plus d\u2019information. <\/p>\t\t\t\t\t\t\t\t<\/div>\n\t\t\t\t<\/div>\n\t\t\t\t<\/div>\n\t\t\t\t<\/div>\n\t\t<div class=\"elementor-element elementor-element-cceb13b e-flex e-con-boxed e-con e-parent\" data-id=\"cceb13b\" data-element_type=\"container\" data-e-type=\"container\">\n\t\t\t\t\t<div class=\"e-con-inner\">\n\t\t<div class=\"elementor-element elementor-element-51fcd67 e-con-full e-flex e-con e-child\" data-id=\"51fcd67\" data-element_type=\"container\" data-e-type=\"container\">\n\t\t\t\t<div class=\"elementor-element elementor-element-7335c70 elementor-widget elementor-widget-heading\" data-id=\"7335c70\" data-element_type=\"widget\" data-e-type=\"widget\" data-widget_type=\"heading.default\">\n\t\t\t\t<div class=\"elementor-widget-container\">\n\t\t\t\t\t<h2 class=\"elementor-heading-title elementor-size-default\">Formation pour m\u00e9decins, dentistes et infirmi\u00e8res<\/h2>\t\t\t\t<\/div>\n\t\t\t\t<\/div>\n\t\t\t\t<div class=\"elementor-element elementor-element-ea79a41 elementor-widget elementor-widget-heading\" data-id=\"ea79a41\" data-element_type=\"widget\" data-e-type=\"widget\" data-widget_type=\"heading.default\">\n\t\t\t\t<div class=\"elementor-widget-container\">\n\t\t\t\t\t<h2 class=\"elementor-heading-title elementor-size-default\">AMEQ ACADEMY - PLAN DU SITE<\/h2>\t\t\t\t<\/div>\n\t\t\t\t<\/div>\n\t\t\t\t<div class=\"elementor-element elementor-element-13781f2 elementor-widget__width-auto elementor-widget elementor-widget-spacer\" data-id=\"13781f2\" data-element_type=\"widget\" data-e-type=\"widget\" data-widget_type=\"spacer.default\">\n\t\t\t\t<div class=\"elementor-widget-container\">\n\t\t\t\t\t\t\t<div class=\"elementor-spacer\">\n\t\t\t<div class=\"elementor-spacer-inner\"><\/div>\n\t\t<\/div>\n\t\t\t\t\t\t<\/div>\n\t\t\t\t<\/div>\n\t\t\t\t<\/div>\n\t\t\t\t\t<\/div>\n\t\t\t\t<\/div>\n\t\t<div class=\"elementor-element elementor-element-cca7cba e-flex e-con-boxed e-con e-parent\" data-id=\"cca7cba\" data-element_type=\"container\" data-e-type=\"container\">\n\t\t\t\t\t<div class=\"e-con-inner\">\n\t\t\t\t<div class=\"elementor-element elementor-element-f67be14 elementor-widget elementor-widget-shortcode\" data-id=\"f67be14\" data-element_type=\"widget\" data-e-type=\"widget\" data-widget_type=\"shortcode.default\">\n\t\t\t\t<div class=\"elementor-widget-container\">\n\t\t\t\t\t\t\t<div class=\"elementor-shortcode\"><div class=\"rank-math-html-sitemap\"><div class=\"rank-math-html-sitemap__section rank-math-html-sitemap__section--post-type rank-math-html-sitemap__section--post\"><h2 class=\"rank-math-html-sitemap__title\">Articles<\/h2><ul class=\"rank-math-html-sitemap__list\"><li class=\"rank-math-html-sitemap__item\"><a href=\"https:\/\/ameqacademie.ca\/fr\/meilleure-formation-botox-pour-dentistes-au-quebec-comparaison-selon-lodq\/\" class=\"rank-math-html-sitemap__link\">Formation Botox Dentistes Qu\u00e9bec | Comparaison ODQ<\/a> <span class=\"rank-math-html-sitemap__date\">(27 juillet 2026)<\/span><\/li><li class=\"rank-math-html-sitemap__item\"><a href=\"https:\/\/ameqacademie.ca\/fr\/medecins-medecine-esthetique-quebec-exigences-cmq\/\" class=\"rank-math-html-sitemap__link\">M\u00e9decine esth\u00e9tique pour m\u00e9decins au Qu\u00e9bec | Exigences CMQ<\/a> <span class=\"rank-math-html-sitemap__date\">(22 juillet 2026)<\/span><\/li><li class=\"rank-math-html-sitemap__item\"><a href=\"https:\/\/ameqacademie.ca\/fr\/infirmieres-medecine-esthetique-quebec-lignes-directrices-cmq-oiiq\/\" class=\"rank-math-html-sitemap__link\">Infirmi\u00e8re injectrice au Qu\u00e9bec | Guide CMQ et OIIQ<\/a> <span class=\"rank-math-html-sitemap__date\">(20 juillet 2026)<\/span><\/li><li class=\"rank-math-html-sitemap__item\"><a href=\"https:\/\/ameqacademie.ca\/fr\/dentistes-medecine-esthetique-quebec-guide-odq\/\" class=\"rank-math-html-sitemap__link\">Dentistes en m\u00e9decine esth\u00e9tique au Qu\u00e9bec | Guide ODQ<\/a> <span class=\"rank-math-html-sitemap__date\">(13 juillet 2026)<\/span><\/li><li class=\"rank-math-html-sitemap__item\"><a href=\"https:\/\/ameqacademie.ca\/fr\/du-traitement-des-troubles-de-larticulation-temporo-mandibulaire-a-lesthetique-du-visage-pourquoi-les-dentistes-du-quebec-possedent-la-base-ideale\/\" class=\"rank-math-html-sitemap__link\">Formation Botox pour dentistes \u00e0 Montr\u00e9al | Guide ODQ<\/a> <span class=\"rank-math-html-sitemap__date\">(28 octobre 2025)<\/span><\/li><li class=\"rank-math-html-sitemap__item\"><a href=\"https:\/\/ameqacademie.ca\/fr\/guide-complet-de-la-conformite-en-medecine-esthetique-pour-les-dentistes-du-quebec-2\/\" class=\"rank-math-html-sitemap__link\">Choisir une formation Botox pour dentistes | Cadre ODQ<\/a> <span class=\"rank-math-html-sitemap__date\">(28 octobre 2025)<\/span><\/li><li class=\"rank-math-html-sitemap__item\"><a href=\"https:\/\/ameqacademie.ca\/fr\/guide-complet-de-la-conformite-en-medecine-esthetique-pour-les-dentistes-du-quebec\/\" class=\"rank-math-html-sitemap__link\">Formation Botox pour dentistes au Qu\u00e9bec | Exigences ODQ<\/a> <span class=\"rank-math-html-sitemap__date\">(21 octobre 2025)<\/span><\/li><li class=\"rank-math-html-sitemap__item\"><a href=\"https:\/\/ameqacademie.ca\/fr\/botox-et-injections-pour-dentistes-a-montreal-pourquoi-lesthetique-faciale-est-elle-une-priorite-dans-les-cliniques-dentaires-modernes\/\" class=\"rank-math-html-sitemap__link\">Formation Botox pour dentistes \u00e0 Montr\u00e9al | AMEQ<\/a> <span class=\"rank-math-html-sitemap__date\">(14 septembre 2025)<\/span><\/li><li class=\"rank-math-html-sitemap__item\"><a href=\"https:\/\/ameqacademie.ca\/fr\/comment-la-formation-sur-les-injections-permet-a-plus-de-500-infirmieres-quebecoises-de-se-specialiser-en-esthetique-medicale\/\" class=\"rank-math-html-sitemap__link\">Devenir infirmi\u00e8re injectrice au Qu\u00e9bec | Formation et r\u00e8gles<\/a> <span class=\"rank-math-html-sitemap__date\">(4 septembre 2025)<\/span><\/li><\/ul><\/div><div class=\"rank-math-html-sitemap__section rank-math-html-sitemap__section--post-type rank-math-html-sitemap__section--page\"><h2 class=\"rank-math-html-sitemap__title\">Pages<\/h2><ul class=\"rank-math-html-sitemap__list\"><li class=\"rank-math-html-sitemap__item\"><a href=\"https:\/\/ameqacademie.ca\/fr\/politique-de-remboursement-et-dannulation\/\" class=\"rank-math-html-sitemap__link\">Politique de remboursement et d&#039;annulation - AMEQ Academy of Aesthetic Medicine in Quebec - Botox and Dermal Fillers Training for Doctors, Dentists, and Nurses<\/a> <span class=\"rank-math-html-sitemap__date\">(26 mai 2026)<\/span><\/li><li class=\"rank-math-html-sitemap__item\"><a href=\"https:\/\/ameqacademie.ca\/fr\/aesthetic-shadowing-training-montreal\/\" class=\"rank-math-html-sitemap__link\">Formation d\u2019observation et mentorat esth\u00e9tique \u00e0 Montr\u00e9al | AMEQ<\/a> <span class=\"rank-math-html-sitemap__date\">(11 mai 2026)<\/span><\/li><li class=\"rank-math-html-sitemap__item\"><a href=\"https:\/\/ameqacademie.ca\/fr\/formation-en-bio-stimulateurs-a-montreal-cours-sur-le-sculptra-et-le-radiesse\/\" class=\"rank-math-html-sitemap__link\">Formation en bio-stimulateurs \u00e0 Montr\u00e9al | Sculptra et Radiesse | AMEQ<\/a> <span class=\"rank-math-html-sitemap__date\">(30 avril 2026)<\/span><\/li><li class=\"rank-math-html-sitemap__item\"><a href=\"https:\/\/ameqacademie.ca\/fr\/actualites-de-la-formation-esthetique\/\" class=\"rank-math-html-sitemap__link\">Actualit\u00e9s de la formation esth\u00e9tique - AMEQ Academy of Aesthetic Medicine in Quebec - Botox and Dermal Fillers Training for Doctors, Dentists, and Nurses<\/a> <span class=\"rank-math-html-sitemap__date\">(4 septembre 2025)<\/span><\/li><li class=\"rank-math-html-sitemap__item\"><a href=\"https:\/\/ameqacademie.ca\/fr\/cours-complet-de-4-jours-sur-les-agents-injectables-formation-dinfirmiere\/\" class=\"rank-math-html-sitemap__link\">Formation de quatre jours en injectables pour infirmi\u00e8res au Qu\u00e9bec | AMEQ<\/a> <span class=\"rank-math-html-sitemap__date\">(28 ao\u00fbt 2025)<\/span><\/li><li class=\"rank-math-html-sitemap__item\"><a href=\"https:\/\/ameqacademie.ca\/fr\/packs-de-cours\/\" class=\"rank-math-html-sitemap__link\">Packets de Cours - AMEQ Academy of Aesthetic Medicine in Quebec - Botox and Dermal Fillers Training for Doctors, Dentists, and Nurses<\/a> <span class=\"rank-math-html-sitemap__date\">(19 juin 2025)<\/span><\/li><li class=\"rank-math-html-sitemap__item\"><a href=\"https:\/\/ameqacademie.ca\/fr\/cours\/\" class=\"rank-math-html-sitemap__link\">Cours de formation en m\u00e9decine esth\u00e9tique par profession | AMEQ<\/a> <span class=\"rank-math-html-sitemap__date\">(19 juin 2025)<\/span><\/li><li class=\"rank-math-html-sitemap__item\"><a href=\"https:\/\/ameqacademie.ca\/fr\/fr-formation-pour-les-medecins-2\/\" class=\"rank-math-html-sitemap__link\">Formation \u00e0 la toxine botulique A pour les dentistes \u00e0 Montr\u00e9al | 48 heures de formation continue | AMEQ<\/a> <span class=\"rank-math-html-sitemap__date\">(17 avril 2025)<\/span><\/li><li class=\"rank-math-html-sitemap__item\"><a href=\"https:\/\/ameqacademie.ca\/fr\/declaration-daccessibilite\/\" class=\"rank-math-html-sitemap__link\">D\u00e9claration d&#039;accessibilit\u00e9 - AMEQ Academy of Aesthetic Medicine in Quebec - Botox and Dermal Fillers Training for Doctors, Dentists, and Nurses<\/a> <span class=\"rank-math-html-sitemap__date\">(18 mars 2025)<\/span><\/li><li class=\"rank-math-html-sitemap__item\"><a href=\"https:\/\/ameqacademie.ca\/fr\/cours-dechographie-de-base-pour-les-professionnels-de-la-sante-en-esthetique-medicale\/\" class=\"rank-math-html-sitemap__link\">Cours d&#039;\u00e9chographie de base pour les professionnels de la sant\u00e9 en esth\u00e9tique m\u00e9dicale - AMEQ Academy of Aesthetic Medicine in Quebec - Botox and Dermal Fillers Training for Doctors, Dentists, and Nurses<\/a> <span class=\"rank-math-html-sitemap__date\">(18 mars 2025)<\/span><\/li><li class=\"rank-math-html-sitemap__item\"><a href=\"https:\/\/ameqacademie.ca\/fr\/a-propos-de-nous\/\" class=\"rank-math-html-sitemap__link\">\u00c0 propos de l&#039;AMEQ : Acad\u00e9mie de formation et de cours d&#039;esth\u00e9tique \u00e9ducative - AMEQ Academy of Aesthetic Medicine in Quebec - Botox and Dermal Fillers Training for Doctors, Dentists, and Nurses<\/a> <span class=\"rank-math-html-sitemap__date\">(27 d\u00e9cembre 2022)<\/span><\/li><li class=\"rank-math-html-sitemap__item\"><a href=\"https:\/\/ameqacademie.ca\/fr\/formation-dinfirmiere-forfait-de-quatre-jours-avec-certification\/\" class=\"rank-math-html-sitemap__link\">Planifier une formation de quatre jours en injectables | AMEQ<\/a> <span class=\"rank-math-html-sitemap__date\">(27 d\u00e9cembre 2022)<\/span><\/li><li class=\"rank-math-html-sitemap__item\"><a href=\"https:\/\/ameqacademie.ca\/fr\/formation-dinfirmiere-forfait-deux-jours\/\" class=\"rank-math-html-sitemap__link\">Formation avanc\u00e9e en injectables pour infirmi\u00e8res \u00e0 Montr\u00e9al | AMEQ<\/a> <span class=\"rank-math-html-sitemap__date\">(26 d\u00e9cembre 2022)<\/span><\/li><li class=\"rank-math-html-sitemap__item\"><a href=\"https:\/\/ameqacademie.ca\/fr\/formation-dinfirmiere-forfait-dun-jour\/\" class=\"rank-math-html-sitemap__link\">Formation en injectables pour infirmi\u00e8res \u00e0 Montr\u00e9al | AMEQ<\/a> <span class=\"rank-math-html-sitemap__date\">(26 d\u00e9cembre 2022)<\/span><\/li><li class=\"rank-math-html-sitemap__item\"><a href=\"https:\/\/ameqacademie.ca\/fr\/formation-prp-microneedling-montreal\/\" class=\"rank-math-html-sitemap__link\">Formation en PRP et microneedling \u00e0 Montr\u00e9al | AMEQ<\/a> <span class=\"rank-math-html-sitemap__date\">(26 d\u00e9cembre 2022)<\/span><\/li><li class=\"rank-math-html-sitemap__item\"><a href=\"https:\/\/ameqacademie.ca\/fr\/contacter\/\" class=\"rank-math-html-sitemap__link\">Communiquer avec l\u2019AMEQ pour la formation et l\u2019inscription<\/a> <span class=\"rank-math-html-sitemap__date\">(26 d\u00e9cembre 2022)<\/span><\/li><li class=\"rank-math-html-sitemap__item\"><a href=\"https:\/\/ameqacademie.ca\/fr\/modeles\/\" class=\"rank-math-html-sitemap__link\">Devenir mod\u00e8le pour une formation esth\u00e9tique \u00e0 Montr\u00e9al ou Saint-Sauveur | AMEQ<\/a> <span class=\"rank-math-html-sitemap__date\">(26 d\u00e9cembre 2022)<\/span><\/li><li class=\"rank-math-html-sitemap__item\"><a href=\"https:\/\/ameqacademie.ca\/fr\/formation-pour-les-medecins\/\" class=\"rank-math-html-sitemap__link\">Formation Botox et agents de comblement pour m\u00e9decins au Qu\u00e9bec | AMEQ<\/a> <span class=\"rank-math-html-sitemap__date\">(26 d\u00e9cembre 2022)<\/span><\/li><li class=\"rank-math-html-sitemap__item\"><a href=\"https:\/\/ameqacademie.ca\/fr\/\" class=\"rank-math-html-sitemap__link\">Formation en m\u00e9decine esth\u00e9tique au Qu\u00e9bec | AMEQ<\/a> <span class=\"rank-math-html-sitemap__date\">(23 d\u00e9cembre 2022)<\/span><\/li><\/ul><\/div><div class=\"rank-math-html-sitemap__section rank-math-html-sitemap__section--post-type rank-math-html-sitemap__section--mto-course\"><h2 class=\"rank-math-html-sitemap__title\">Courses<\/h2><ul class=\"rank-math-html-sitemap__list\"><li class=\"rank-math-html-sitemap__item\"><a href=\"https:\/\/ameqacademie.ca\/fr\/cours\/photographie-medicale-en-pratique-esthetique\/\" class=\"rank-math-html-sitemap__link\">Photographie m\u00e9dicale en pratique esth\u00e9tique - AMEQ Academy of Aesthetic Medicine in Quebec - Botox and Dermal Fillers Training for Doctors, Dentists, and Nurses<\/a> <span class=\"rank-math-html-sitemap__date\">(31 janvier 2026)<\/span><\/li><li class=\"rank-math-html-sitemap__item\"><a href=\"https:\/\/ameqacademie.ca\/fr\/cours\/plasma-riche-en-plaquettes-fondements-et-applications-cliniques\/\" class=\"rank-math-html-sitemap__link\">Plasma Riche en Plaquettes : Fondements et Applications Cliniques - AMEQ Academy of Aesthetic Medicine in Quebec - Botox and Dermal Fillers Training for Doctors, Dentists, and Nurses<\/a> <span class=\"rank-math-html-sitemap__date\">(10 ao\u00fbt 2025)<\/span><\/li><li class=\"rank-math-html-sitemap__item\"><a href=\"https:\/\/ameqacademie.ca\/fr\/cours\/techniques-avancees-dinjection-de-produits-de-comblement\/\" class=\"rank-math-html-sitemap__link\">3 \u2013 Techniques avanc\u00e9es d\u2019injection de produits de comblement - AMEQ Academy of Aesthetic Medicine in Quebec - Botox and Dermal Fillers Training for Doctors, Dentists, and Nurses<\/a> <span class=\"rank-math-html-sitemap__date\">(9 juillet 2025)<\/span><\/li><li class=\"rank-math-html-sitemap__item\"><a href=\"https:\/\/ameqacademie.ca\/fr\/cours\/techniques-avancees-dinjection-de-toxine-botulique\/\" class=\"rank-math-html-sitemap__link\">2 \u2013 Techniques avanc\u00e9es d\u2019injection de toxine botulique - AMEQ Academy of Aesthetic Medicine in Quebec - Botox and Dermal Fillers Training for Doctors, Dentists, and Nurses<\/a> <span class=\"rank-math-html-sitemap__date\">(9 juillet 2025)<\/span><\/li><li class=\"rank-math-html-sitemap__item\"><a href=\"https:\/\/ameqacademie.ca\/fr\/cours\/diagnostic-dermatologique-et-pathologie-avance\/\" class=\"rank-math-html-sitemap__link\">1 \u2013 Diagnostic dermatologique et pathologie avanc\u00e9 - AMEQ Academy of Aesthetic Medicine in Quebec - Botox and Dermal Fillers Training for Doctors, Dentists, and Nurses<\/a> <span class=\"rank-math-html-sitemap__date\">(9 juillet 2025)<\/span><\/li><li class=\"rank-math-html-sitemap__item\"><a href=\"https:\/\/ameqacademie.ca\/fr\/cours\/4-administration-des-produits-de-comblements-a-lacide-hyaluronique\/\" class=\"rank-math-html-sitemap__link\">4 - Administration de base des produits de comblements \u00e0 l&#039;acide hyaluronique - AMEQ Academy of Aesthetic Medicine in Quebec - Botox and Dermal Fillers Training for Doctors, Dentists, and Nurses<\/a> <span class=\"rank-math-html-sitemap__date\">(8 juillet 2025)<\/span><\/li><li class=\"rank-math-html-sitemap__item\"><a href=\"https:\/\/ameqacademie.ca\/fr\/cours\/3-administration-clinique-de-base-de-neurotoxines\/\" class=\"rank-math-html-sitemap__link\">3 - Administration clinique de base de neurotoxines - AMEQ Academy of Aesthetic Medicine in Quebec - Botox and Dermal Fillers Training for Doctors, Dentists, and Nurses<\/a> <span class=\"rank-math-html-sitemap__date\">(8 juillet 2025)<\/span><\/li><li class=\"rank-math-html-sitemap__item\"><a href=\"https:\/\/ameqacademie.ca\/fr\/cours\/2-anatomie-faciale-de-base-pour-les-procedures-injectables\/\" class=\"rank-math-html-sitemap__link\">2 - Anatomie faciale de base pour les proc\u00e9dures injectables - AMEQ Academy of Aesthetic Medicine in Quebec - Botox and Dermal Fillers Training for Doctors, Dentists, and Nurses<\/a> <span class=\"rank-math-html-sitemap__date\">(8 juillet 2025)<\/span><\/li><li class=\"rank-math-html-sitemap__item\"><a href=\"https:\/\/ameqacademie.ca\/fr\/cours\/1-esthetique-faciale-les-principes-de-beaute\/\" class=\"rank-math-html-sitemap__link\">1 - Esth\u00e9tique faciale : Les principes de beaut\u00e9 - AMEQ Academy of Aesthetic Medicine in Quebec - Botox and Dermal Fillers Training for Doctors, Dentists, and Nurses<\/a> <span class=\"rank-math-html-sitemap__date\">(8 juillet 2025)<\/span><\/li><li class=\"rank-math-html-sitemap__item\"><a href=\"https:\/\/ameqacademie.ca\/fr\/cours\/oqd-etape-2\/\" class=\"rank-math-html-sitemap__link\">OQD \u00c9tape 2 - AMEQ Academy of Aesthetic Medicine in Quebec - Botox and Dermal Fillers Training for Doctors, Dentists, and Nurses<\/a> <span class=\"rank-math-html-sitemap__date\">(26 juin 2025)<\/span><\/li><li class=\"rank-math-html-sitemap__item\"><a href=\"https:\/\/ameqacademie.ca\/fr\/cours\/cours-3-administration-clinique-de-la-toxine-botulique\/\" class=\"rank-math-html-sitemap__link\">Cours 3 \u2013 Administration clinique de la toxine botulique - AMEQ Academy of Aesthetic Medicine in Quebec - Botox and Dermal Fillers Training for Doctors, Dentists, and Nurses<\/a> <span class=\"rank-math-html-sitemap__date\">(20 juin 2025)<\/span><\/li><li class=\"rank-math-html-sitemap__item\"><a href=\"https:\/\/ameqacademie.ca\/fr\/cours\/cours-2-anatomie-faciale-pour-les-procedures-injectables\/\" class=\"rank-math-html-sitemap__link\">Cours 2 \u2013 Anatomie faciale pour les proc\u00e9dures injectables - AMEQ Academy of Aesthetic Medicine in Quebec - Botox and Dermal Fillers Training for Doctors, Dentists, and Nurses<\/a> <span class=\"rank-math-html-sitemap__date\">(19 juin 2025)<\/span><\/li><li class=\"rank-math-html-sitemap__item\"><a href=\"https:\/\/ameqacademie.ca\/fr\/cours\/cours-1-integration-du-botox-et-des-produits-de-comblement-dans-la-pratique-dentaire\/\" class=\"rank-math-html-sitemap__link\">Cours 1 \u2013 Int\u00e9gration du Botox et des produits de comblement dans la pratique dentaire - AMEQ Academy of Aesthetic Medicine in Quebec - Botox and Dermal Fillers Training for Doctors, Dentists, and Nurses<\/a> <span class=\"rank-math-html-sitemap__date\">(19 juin 2025)<\/span><\/li><\/ul><\/div><div class=\"rank-math-html-sitemap__section rank-math-html-sitemap__section--post-type rank-math-html-sitemap__section--rank_math_locations\"><h2 class=\"rank-math-html-sitemap__title\">AMEQ Locations<\/h2><ul class=\"rank-math-html-sitemap__list\"><li class=\"rank-math-html-sitemap__item\"><a href=\"https:\/\/ameqacademie.ca\/fr\/locations\/saint-jean-sur-richelieu\/\" class=\"rank-math-html-sitemap__link\">Formation esth\u00e9tique \u00e0 Saint-Jean-sur-Richelieu | AMEQ<\/a> <span class=\"rank-math-html-sitemap__date\">(27 ao\u00fbt 2026)<\/span><\/li><li class=\"rank-math-html-sitemap__item\"><a href=\"https:\/\/ameqacademie.ca\/fr\/locations\/saguenay\/\" class=\"rank-math-html-sitemap__link\">Formation en m\u00e9decine esth\u00e9tique pour Saguenay | AMEQ<\/a> <span class=\"rank-math-html-sitemap__date\">(27 ao\u00fbt 2026)<\/span><\/li><li class=\"rank-math-html-sitemap__item\"><a href=\"https:\/\/ameqacademie.ca\/fr\/locations\/trois-rivieres\/\" class=\"rank-math-html-sitemap__link\">Formation en m\u00e9decine esth\u00e9tique pour Trois-Rivi\u00e8res | AMEQ<\/a> <span class=\"rank-math-html-sitemap__date\">(27 ao\u00fbt 2026)<\/span><\/li><li class=\"rank-math-html-sitemap__item\"><a href=\"https:\/\/ameqacademie.ca\/fr\/locations\/terrebonne\/\" class=\"rank-math-html-sitemap__link\">Formation en m\u00e9decine esth\u00e9tique pour Terrebonne | AMEQ<\/a> <span class=\"rank-math-html-sitemap__date\">(27 ao\u00fbt 2026)<\/span><\/li><li class=\"rank-math-html-sitemap__item\"><a href=\"https:\/\/ameqacademie.ca\/fr\/locations\/gatineau\/\" class=\"rank-math-html-sitemap__link\">Formation en m\u00e9decine esth\u00e9tique pour Gatineau | AMEQ<\/a> <span class=\"rank-math-html-sitemap__date\">(27 ao\u00fbt 2026)<\/span><\/li><li class=\"rank-math-html-sitemap__item\"><a href=\"https:\/\/ameqacademie.ca\/fr\/locations\/longueuil\/\" class=\"rank-math-html-sitemap__link\">Formation en m\u00e9decine esth\u00e9tique pour Longueuil | AMEQ<\/a> <span class=\"rank-math-html-sitemap__date\">(27 ao\u00fbt 2026)<\/span><\/li><li class=\"rank-math-html-sitemap__item\"><a href=\"https:\/\/ameqacademie.ca\/fr\/locations\/sherbrooke\/\" class=\"rank-math-html-sitemap__link\">Formation en m\u00e9decine esth\u00e9tique pour Sherbrooke | AMEQ<\/a> <span class=\"rank-math-html-sitemap__date\">(27 ao\u00fbt 2026)<\/span><\/li><li class=\"rank-math-html-sitemap__item\"><a href=\"https:\/\/ameqacademie.ca\/fr\/locations\/levis\/\" class=\"rank-math-html-sitemap__link\">Formation en m\u00e9decine esth\u00e9tique pour L\u00e9vis | AMEQ<\/a> <span class=\"rank-math-html-sitemap__date\">(27 ao\u00fbt 2026)<\/span><\/li><li class=\"rank-math-html-sitemap__item\"><a href=\"https:\/\/ameqacademie.ca\/fr\/locations\/laval\/\" class=\"rank-math-html-sitemap__link\">Formation en injection pour professionnels de Laval | AMEQ<\/a> <span class=\"rank-math-html-sitemap__date\">(27 ao\u00fbt 2026)<\/span><\/li><li class=\"rank-math-html-sitemap__item\"><a href=\"https:\/\/ameqacademie.ca\/fr\/locations\/nord-du-quebec\/\" class=\"rank-math-html-sitemap__link\">Formation en m\u00e9decine esth\u00e9tique en Nord-du-Qu\u00e9bec | AMEQ<\/a> <span class=\"rank-math-html-sitemap__date\">(27 f\u00e9vrier 2024)<\/span><\/li><li class=\"rank-math-html-sitemap__item\"><a href=\"https:\/\/ameqacademie.ca\/fr\/locations\/cote-nord\/\" class=\"rank-math-html-sitemap__link\">Formation en m\u00e9decine esth\u00e9tique en C\u00f4te-Nord | AMEQ<\/a> <span class=\"rank-math-html-sitemap__date\">(27 f\u00e9vrier 2024)<\/span><\/li><li class=\"rank-math-html-sitemap__item\"><a href=\"https:\/\/ameqacademie.ca\/fr\/locations\/centre-du-quebec\/\" class=\"rank-math-html-sitemap__link\">Formation en m\u00e9decine esth\u00e9tique en Centre-du-Qu\u00e9bec | AMEQ<\/a> <span class=\"rank-math-html-sitemap__date\">(27 f\u00e9vrier 2024)<\/span><\/li><li class=\"rank-math-html-sitemap__item\"><a href=\"https:\/\/ameqacademie.ca\/fr\/locations\/baie-james\/\" class=\"rank-math-html-sitemap__link\">Formation en m\u00e9decine esth\u00e9tique en Baie-James | AMEQ<\/a> <span class=\"rank-math-html-sitemap__date\">(27 f\u00e9vrier 2024)<\/span><\/li><li class=\"rank-math-html-sitemap__item\"><a href=\"https:\/\/ameqacademie.ca\/fr\/locations\/duplessis\/\" class=\"rank-math-html-sitemap__link\">Formation en m\u00e9decine esth\u00e9tique en Duplessis | AMEQ<\/a> <span class=\"rank-math-html-sitemap__date\">(27 f\u00e9vrier 2024)<\/span><\/li><li class=\"rank-math-html-sitemap__item\"><a href=\"https:\/\/ameqacademie.ca\/fr\/locations\/manicouagan\/\" class=\"rank-math-html-sitemap__link\">Formation en m\u00e9decine esth\u00e9tique en Manicouagan | AMEQ<\/a> <span class=\"rank-math-html-sitemap__date\">(27 f\u00e9vrier 2024)<\/span><\/li><li class=\"rank-math-html-sitemap__item\"><a href=\"https:\/\/ameqacademie.ca\/fr\/locations\/saguenay-lac-saint-jean\/\" class=\"rank-math-html-sitemap__link\">Formation esth\u00e9tique au Saguenay\u2013Lac-Saint-Jean | AMEQ<\/a> <span class=\"rank-math-html-sitemap__date\">(27 f\u00e9vrier 2024)<\/span><\/li><li class=\"rank-math-html-sitemap__item\"><a href=\"https:\/\/ameqacademie.ca\/fr\/locations\/abitibi-temiscamingue\/\" class=\"rank-math-html-sitemap__link\">Formation en m\u00e9decine esth\u00e9tique en Abitibi-T\u00e9miscamingue | AMEQ<\/a> <span class=\"rank-math-html-sitemap__date\">(27 f\u00e9vrier 2024)<\/span><\/li><li class=\"rank-math-html-sitemap__item\"><a href=\"https:\/\/ameqacademie.ca\/fr\/locations\/outaouais\/\" class=\"rank-math-html-sitemap__link\">Formation en m\u00e9decine esth\u00e9tique en Outaouais | AMEQ<\/a> <span class=\"rank-math-html-sitemap__date\">(27 f\u00e9vrier 2024)<\/span><\/li><li class=\"rank-math-html-sitemap__item\"><a href=\"https:\/\/ameqacademie.ca\/fr\/locations\/laurentides\/\" class=\"rank-math-html-sitemap__link\">Formation en m\u00e9decine esth\u00e9tique en Laurentides | AMEQ<\/a> <span class=\"rank-math-html-sitemap__date\">(27 f\u00e9vrier 2024)<\/span><\/li><li class=\"rank-math-html-sitemap__item\"><a href=\"https:\/\/ameqacademie.ca\/fr\/locations\/lanaudiere\/\" class=\"rank-math-html-sitemap__link\">Formation en m\u00e9decine esth\u00e9tique en Lanaudi\u00e8re | AMEQ<\/a> <span class=\"rank-math-html-sitemap__date\">(27 f\u00e9vrier 2024)<\/span><\/li><li class=\"rank-math-html-sitemap__item\"><a href=\"https:\/\/ameqacademie.ca\/fr\/locations\/monteregie\/\" class=\"rank-math-html-sitemap__link\">Formation en m\u00e9decine esth\u00e9tique en Mont\u00e9r\u00e9gie | AMEQ<\/a> <span class=\"rank-math-html-sitemap__date\">(27 f\u00e9vrier 2024)<\/span><\/li><li class=\"rank-math-html-sitemap__item\"><a href=\"https:\/\/ameqacademie.ca\/fr\/locations\/estrie\/\" class=\"rank-math-html-sitemap__link\">Formation en m\u00e9decine esth\u00e9tique en Estrie | AMEQ<\/a> <span class=\"rank-math-html-sitemap__date\">(27 f\u00e9vrier 2024)<\/span><\/li><li class=\"rank-math-html-sitemap__item\"><a href=\"https:\/\/ameqacademie.ca\/fr\/locations\/mauricie\/\" class=\"rank-math-html-sitemap__link\">Formation en m\u00e9decine esth\u00e9tique en Mauricie | AMEQ<\/a> <span class=\"rank-math-html-sitemap__date\">(27 f\u00e9vrier 2024)<\/span><\/li><li class=\"rank-math-html-sitemap__item\"><a href=\"https:\/\/ameqacademie.ca\/fr\/locations\/chaudiere-appalaches\/\" class=\"rank-math-html-sitemap__link\">Formation en m\u00e9decine esth\u00e9tique en Chaudi\u00e8re-Appalaches | AMEQ<\/a> <span class=\"rank-math-html-sitemap__date\">(27 f\u00e9vrier 2024)<\/span><\/li><li class=\"rank-math-html-sitemap__item\"><a href=\"https:\/\/ameqacademie.ca\/fr\/locations\/charlevoix\/\" class=\"rank-math-html-sitemap__link\">Formation en m\u00e9decine esth\u00e9tique en Charlevoix | AMEQ<\/a> <span class=\"rank-math-html-sitemap__date\">(27 f\u00e9vrier 2024)<\/span><\/li><li class=\"rank-math-html-sitemap__item\"><a href=\"https:\/\/ameqacademie.ca\/fr\/locations\/ville-de-quebec\/\" class=\"rank-math-html-sitemap__link\">Formation en injection pour professionnels de Qu\u00e9bec | AMEQ<\/a> <span class=\"rank-math-html-sitemap__date\">(27 f\u00e9vrier 2024)<\/span><\/li><li class=\"rank-math-html-sitemap__item\"><a href=\"https:\/\/ameqacademie.ca\/fr\/locations\/bas-saint-laurent\/\" class=\"rank-math-html-sitemap__link\">Formation en m\u00e9decine esth\u00e9tique en Bas-Saint-Laurent | AMEQ<\/a> <span class=\"rank-math-html-sitemap__date\">(27 f\u00e9vrier 2024)<\/span><\/li><li class=\"rank-math-html-sitemap__item\"><a href=\"https:\/\/ameqacademie.ca\/fr\/locations\/gaspesie\/\" class=\"rank-math-html-sitemap__link\">Formation en m\u00e9decine esth\u00e9tique en Gasp\u00e9sie | AMEQ<\/a> <span class=\"rank-math-html-sitemap__date\">(27 f\u00e9vrier 2024)<\/span><\/li><li class=\"rank-math-html-sitemap__item\"><a href=\"https:\/\/ameqacademie.ca\/fr\/locations\/iles-de-la-madeleine\/\" class=\"rank-math-html-sitemap__link\">Formation en m\u00e9decine esth\u00e9tique en \u00celes-de-la-Madeleine | AMEQ<\/a> <span class=\"rank-math-html-sitemap__date\">(27 f\u00e9vrier 2024)<\/span><\/li><li class=\"rank-math-html-sitemap__item\"><a href=\"https:\/\/ameqacademie.ca\/fr\/locations\/montreal\/\" class=\"rank-math-html-sitemap__link\">Formation en m\u00e9decine esth\u00e9tique \u00e0 Montr\u00e9al | AMEQ<\/a> <span class=\"rank-math-html-sitemap__date\">(13 octobre 2022)<\/span><\/li><li class=\"rank-math-html-sitemap__item\"><a href=\"https:\/\/ameqacademie.ca\/fr\/locations\/saint-sauveur\/\" class=\"rank-math-html-sitemap__link\">Formation en m\u00e9decine esth\u00e9tique \u00e0 Saint-Sauveur | AMEQ<\/a> <span class=\"rank-math-html-sitemap__date\">(13 octobre 2022)<\/span><\/li><\/ul><\/div><div class=\"rank-math-html-sitemap__section rank-math-html-sitemap__section--taxonomy rank-math-html-sitemap__section--category\"><h2 class=\"rank-math-html-sitemap__title\">Cat\u00e9gories<\/h2><ul class=\"rank-math-html-sitemap__list\"><li class=\"rank-math-html-sitemap__item\"><a href=\"https:\/\/ameqacademie.ca\/fr\/aesthetic-medicine-quebec\/\" class=\"rank-math-html-sitemap__link\">M\u00e9decine esth\u00e9tique au Qu\u00e9bec : formation et encadrement | AMEQ<\/a><\/li><li class=\"rank-math-html-sitemap__item\"><a href=\"https:\/\/ameqacademie.ca\/fr\/botox-et-injectables\/\" class=\"rank-math-html-sitemap__link\">Formation Botox et injectables au Qu\u00e9bec | AMEQ<\/a><\/li><li class=\"rank-math-html-sitemap__item\"><a href=\"https:\/\/ameqacademie.ca\/fr\/botox-for-dental-professionals\/\" class=\"rank-math-html-sitemap__link\">Formation Botox pour les dentistes du Qu\u00e9bec | AMEQ<\/a><\/li><li class=\"rank-math-html-sitemap__item\"><a href=\"https:\/\/ameqacademie.ca\/fr\/botox-pour-professionnels-dentaires\/\" class=\"rank-math-html-sitemap__link\">Formation Botox pour professionnels dentaires au Qu\u00e9bec | AMEQ<\/a><\/li><li class=\"rank-math-html-sitemap__item\"><a href=\"https:\/\/ameqacademie.ca\/fr\/cabinet-dentaire-du-quebec\/\" class=\"rank-math-html-sitemap__link\">Pratique dentaire au Qu\u00e9bec et m\u00e9decine esth\u00e9tique | AMEQ<\/a><\/li><li class=\"rank-math-html-sitemap__item\"><a href=\"https:\/\/ameqacademie.ca\/fr\/cadre-reglementaire\/\" class=\"rank-math-html-sitemap__link\">Cadre r\u00e9glementaire de la m\u00e9decine esth\u00e9tique au Qu\u00e9bec | AMEQ<\/a><\/li><li class=\"rank-math-html-sitemap__item\"><a href=\"https:\/\/ameqacademie.ca\/fr\/conformite-professionnelle\/\" class=\"rank-math-html-sitemap__link\">Conformit\u00e9 professionnelle en m\u00e9decine esth\u00e9tique | AMEQ<\/a><\/li><li class=\"rank-math-html-sitemap__item\"><a href=\"https:\/\/ameqacademie.ca\/fr\/developpement-professionnel\/\" class=\"rank-math-html-sitemap__link\">D\u00e9veloppement professionnel en m\u00e9decine esth\u00e9tique | AMEQ<\/a><\/li><li class=\"rank-math-html-sitemap__item\"><a href=\"https:\/\/ameqacademie.ca\/fr\/esthetique-du-visage\/\" class=\"rank-math-html-sitemap__link\">Formation en esth\u00e9tique du visage au Qu\u00e9bec | AMEQ<\/a><\/li><li class=\"rank-math-html-sitemap__item\"><a href=\"https:\/\/ameqacademie.ca\/fr\/esthetique-medicale\/\" class=\"rank-math-html-sitemap__link\">M\u00e9decine esth\u00e9tique au Qu\u00e9bec : formation et pratique | AMEQ<\/a><\/li><li class=\"rank-math-html-sitemap__item\"><a href=\"https:\/\/ameqacademie.ca\/fr\/formation-continue-des-dentistes\/\" class=\"rank-math-html-sitemap__link\">Formation continue des dentistes au Qu\u00e9bec | AMEQ<\/a><\/li><li class=\"rank-math-html-sitemap__item\"><a href=\"https:\/\/ameqacademie.ca\/fr\/formation-continue-montreal\/\" class=\"rank-math-html-sitemap__link\">Formation continue en m\u00e9decine esth\u00e9tique \u00e0 Montr\u00e9al | AMEQ<\/a><\/li><li class=\"rank-math-html-sitemap__item\"><a href=\"https:\/\/ameqacademie.ca\/fr\/formation-dentaire\/\" class=\"rank-math-html-sitemap__link\">Formation dentaire en m\u00e9decine esth\u00e9tique au Qu\u00e9bec | AMEQ<\/a><\/li><li class=\"rank-math-html-sitemap__item\"><a href=\"https:\/\/ameqacademie.ca\/fr\/formation-dentaire-professionnelle\/\" class=\"rank-math-html-sitemap__link\">Formation dentaire professionnelle au Qu\u00e9bec | AMEQ<\/a><\/li><li class=\"rank-math-html-sitemap__item\"><a href=\"https:\/\/ameqacademie.ca\/fr\/formation-en-esthetique\/\" class=\"rank-math-html-sitemap__link\">Formation en esth\u00e9tique pour professionnels au Qu\u00e9bec | AMEQ<\/a><\/li><li class=\"rank-math-html-sitemap__item\"><a href=\"https:\/\/ameqacademie.ca\/fr\/formation-en-medecine-esthetique\/\" class=\"rank-math-html-sitemap__link\">Formation en m\u00e9decine esth\u00e9tique au Qu\u00e9bec | AMEQ<\/a><\/li><li class=\"rank-math-html-sitemap__item\"><a href=\"https:\/\/ameqacademie.ca\/fr\/formation-en-soins-de-sante\/\" class=\"rank-math-html-sitemap__link\">Formation en soins de sant\u00e9 et m\u00e9decine esth\u00e9tique | AMEQ<\/a><\/li><li class=\"rank-math-html-sitemap__item\"><a href=\"https:\/\/ameqacademie.ca\/fr\/formation-en-soins-infirmiers\/\" class=\"rank-math-html-sitemap__link\">Formation infirmi\u00e8re en m\u00e9decine esth\u00e9tique au Qu\u00e9bec | AMEQ<\/a><\/li><li class=\"rank-math-html-sitemap__item\"><a href=\"https:\/\/ameqacademie.ca\/fr\/medecine-esthetique-au-quebec\/\" class=\"rank-math-html-sitemap__link\">M\u00e9decine esth\u00e9tique au Qu\u00e9bec pour professionnels | AMEQ<\/a><\/li><li class=\"rank-math-html-sitemap__item\"><a href=\"https:\/\/ameqacademie.ca\/fr\/non-classifiee\/\" class=\"rank-math-html-sitemap__link\">Articles AMEQ non class\u00e9s | AMEQ<\/a><\/li><li class=\"rank-math-html-sitemap__item\"><a href=\"https:\/\/ameqacademie.ca\/fr\/odq-regulatory-framework\/\" class=\"rank-math-html-sitemap__link\">Cadre de l\u2019ODQ en m\u00e9decine esth\u00e9tique pour dentistes | AMEQ<\/a><\/li><li class=\"rank-math-html-sitemap__item\"><a href=\"https:\/\/ameqacademie.ca\/fr\/perfectionnement-professionnel-quebec\/\" class=\"rank-math-html-sitemap__link\">Perfectionnement en m\u00e9decine esth\u00e9tique au Qu\u00e9bec | AMEQ<\/a><\/li><li class=\"rank-math-html-sitemap__item\"><a href=\"https:\/\/ameqacademie.ca\/fr\/professionnels-dentaires\/\" class=\"rank-math-html-sitemap__link\">Professionnels dentaires et m\u00e9decine esth\u00e9tique au Qu\u00e9bec | AMEQ<\/a><\/li><li class=\"rank-math-html-sitemap__item\"><a href=\"https:\/\/ameqacademie.ca\/fr\/reglement-sur-les-soins-dentaires-au-quebec\/\" class=\"rank-math-html-sitemap__link\">R\u00e8glement dentaire au Qu\u00e9bec et m\u00e9decine esth\u00e9tique | AMEQ<\/a><\/li><li class=\"rank-math-html-sitemap__item\"><a href=\"https:\/\/ameqacademie.ca\/fr\/training-comparisons\/\" class=\"rank-math-html-sitemap__link\">Comparaisons de formations en m\u00e9decine esth\u00e9tique au Qu\u00e9bec | AMEQ<\/a><\/li><\/ul><\/div><\/div><\/div>\n\t\t\t\t\t\t<\/div>\n\t\t\t\t<\/div>\n\t\t\t\t\t<\/div>\n\t\t\t\t<\/div>\n\t\t\t\t<\/div>\n\t\t","protected":false},"excerpt":{"rendered":"<p>AMEQ &#8211; ACAD\u00c9MIE DE M\u00c9DECINE ESTH\u00c9TIQUE DU QU\u00c9BEC Plan du site NOUS CONTACTER Accueil Plan du site Pour les professionnels de la sant\u00e9 en esth\u00e9tique m\u00e9dicale D\u00e9veloppez votre carri\u00e8re en esth\u00e9tique m\u00e9dicale gr\u00e2ce \u00e0 notre formation en esth\u00e9tique 1. Afin de r\u00e9server votre place dans le programme, un d\u00e9p\u00f4t de 1 000 $ est requis. [&hellip;]<\/p>\n","protected":false},"author":1,"featured_media":0,"parent":0,"menu_order":0,"comment_status":"closed","ping_status":"closed","template":"elementor_header_footer","meta":{"footnotes":""},"class_list":["post-11238","page","type-page","status-publish","hentry"],"_links":{"self":[{"href":"https:\/\/ameqacademie.ca\/fr\/wp-json\/wp\/v2\/pages\/11238","targetHints":{"allow":["GET"]}}],"collection":[{"href":"https:\/\/ameqacademie.ca\/fr\/wp-json\/wp\/v2\/pages"}],"about":[{"href":"https:\/\/ameqacademie.ca\/fr\/wp-json\/wp\/v2\/types\/page"}],"author":[{"embeddable":true,"href":"https:\/\/ameqacademie.ca\/fr\/wp-json\/wp\/v2\/users\/1"}],"replies":[{"embeddable":true,"href":"https:\/\/ameqacademie.ca\/fr\/wp-json\/wp\/v2\/comments?post=11238"}],"version-history":[{"count":1,"href":"https:\/\/ameqacademie.ca\/fr\/wp-json\/wp\/v2\/pages\/11238\/revisions"}],"predecessor-version":[{"id":11239,"href":"https:\/\/ameqacademie.ca\/fr\/wp-json\/wp\/v2\/pages\/11238\/revisions\/11239"}],"wp:attachment":[{"href":"https:\/\/ameqacademie.ca\/fr\/wp-json\/wp\/v2\/media?parent=11238"}],"curies":[{"name":"wp","href":"https:\/\/api.w.org\/{rel}","templated":true}]}}